{"version":"1.0","provider_name":"V\u00e9gtelen \u00e1lom","provider_url":"https:\/\/vegtelenalom.cafeblog.hu","author_name":"Lukrecia","author_url":"https:\/\/vegtelenalom.cafeblog.hu\/author\/lukrecia-2\/","title":"Interj\u00fa velem","html":"<p>Mindenkinek, aki most vet\u0151d\u00f6tt ide a blogomra, \u00e9s azoknak is, akik m\u00e1r r\u00e9g\u00f3ta olvasgatnak :)<\/p>\r\n<p>http:\/\/lenduletmagazin.hu\/interju-beatrixszal\/<\/p>\r\n<p>&nbsp;<\/p>\r\n<p style=\"text-align: justify\">Mint a blog c\u00edme is t\u00fckr\u00f6zi, ez maga a V\u00e9gtelen \u00c1lom. Beatrix \u00edr\u00e1sai kicsit magamra eml\u00e9keztetnek. Egy \u00f6r\u00f6kk\u00e9 \u00e1lmodoz\u00f3, v\u00e1gyakoz\u00f3 l\u00e1nyra, aki k\u00fczd \u00e9s harcol valami\u00e9rt. Sokat csal\u00f3dott, sokszor b\u00e1ntott\u00e1k, de \u0151 rend\u00fcletlen\u00fcl hitt abban, hogy att\u00f3l m\u00e9g, hogy \u00f6sszet\u00f6rtnek valamit, az \u00fajra eg\u00e9sz lehet. Akarta, csin\u00e1lta \u00e9s v\u00e1gyott r\u00e1. El\u00e9rte. Megcsin\u00e1lta. T\u00e9nyleg egy \u00e1lomhoz tudom hasonl\u00edtani. Mikor m\u00e1r h\u00e1rom \u00e9vesen arr\u00f3l \u00e1br\u00e1ndozol, hogy balerina szeretn\u00e9l lenni, azt\u00e1n egyszer csak azon kapod magad, hogy egy orosz t\u00e1rsulatban piruettezel. Mert mindent el lehet \u00e9rni. L\u00e1tj\u00e1tok, Beatrix is akarta, k\u00fczd\u00f6tt \u00e9rte, \u00e9s megkapta.. Feltettem n\u00e9h\u00e1ny n\u00e9h\u00e1ny k\u00e9rd\u00e9st, hogy jobban megismerhess\u00e9tek. Utazzunk egy\u00fctt a V\u00e9gtelen \u00c1lommal (<a href=\"http:\/\/vegtelenalom.blog.hu\/\" target=\"_blank\">http:\/\/vegtelenalom.blog.hu\/<\/a>)!<\/p>\r\n<p><a href=\"https:\/\/vegtelenalom.cafeblog.hu\/files\/2014\/05\/bihari.jpg\"><img class=\" wp-image-314 \" title=\"Bihari Beatrix\" src=\"https:\/\/vegtelenalom.cafeblog.hu\/files\/2014\/05\/bihari.jpg\" alt=\"bihari\" width=\"319\" height=\"480\" \/><\/a><\/p>\r\n<p style=\"text-align: center\"><strong><em>Mondan\u00e1l magadr\u00f3l n\u00e9h\u00e1ny dolgot? Te m\u00e9gis milyennek l\u00e1tod magad \u00e9s az \u00edr\u00e1saidat?<\/em><\/strong><\/p>\r\n<p style=\"text-align: justify\"><em>Magyar szakos egyetemistak\u00e9nt term\u00e9szetes, hogy van bennem aff\u00e9le \u00edr\u00f3i v\u00e9na. Gimi \u00f3ta foglalkozom \u00fajs\u00e1g\u00edr\u00e1ssal, mindig, mindenr\u0151l van v\u00e9lem\u00e9nyem. Ha lemegyek a sarki kisboltba, ha \u00fcl\u00f6k a buszon, ha orvoshoz megyek, folyton t\u00f6rt\u00e9nik valami, mindig tapasztalok valami szokatlant, amit legsz\u00edvesebben r\u00f6gvest le is \u00edrn\u00e9k. Nagyon meg tudnak \u00e9rinteni a sorsok, de piszkosul fel tudom h\u00fazni magam a negat\u00edv embereken. Sokszor elhat\u00e1roztam m\u00e1r, hogy a saj\u00e1t kis v\u00e9lem\u00e9nyemet, vil\u00e1gomat is le fogom egyszer \u00edrni egy blogba, nemcsak az \u00e9rz\u00e9seimet, de ennek tal\u00e1n m\u00e9g nem j\u00f6tt el az ideje.<\/em><\/p>\r\n<p style=\"text-align: justify\"><strong><em>Az\u00e9rt kezdted el \u00edrni a blogot, mert t\u00falcsordult\u00e1l az \u00e9rz\u00e9sekt\u0151l. Volt ennek valamilyen konkr\u00e9t kiv\u00e1lt\u00f3 oka?<\/em><\/strong><\/p>\r\n<p style=\"text-align: justify\"><em>Az els\u0151 blogomat 2008-ban kezdtem el \u00edrni. Eg\u00e9szen pontosan akkor, amikor Ny\u00edregyh\u00e1z\u00e1r\u00f3l Debrecenbe ker\u00fcltem. Felvettek az egyetemre, beker\u00fcltem egy koll\u00e9giumba, \u00e9s senkit nem ismertem. \u00c9pp egy szak\u00edt\u00e1s ut\u00e1n voltam (\u00e9s egy k\u00f6vetkez\u0151 el\u0151tt :) ), \u00e9s azt \u00e9reztem, ha nem \u00edrom le, ami bennem van, \u201cmegfulladok\u201d. \u00cdgy el\u0151sz\u00f6r a\u00a0<\/em><em><a href=\"http:\/\/naplom.com\/\" target=\"_blank\">naplom.com<\/a>\u00a0oldalra kezdtem el \u00edrogatni, de nemcsak a szak\u00edt\u00e1s ut\u00e1ni \u00e9rzelmeimet, hanem kritik\u00e1kat, \u00e9lm\u00e9nyeket is. Az egyetem els\u0151 h\u00f3napj\u00e1t\u00f3l ugyanis felvettek egy hallgat\u00f3i honlapra, online \u00fajs\u00e1g\u00edr\u00f3nak. Sz\u00e1mos hazai ismert emberrel keveredtem \u00f6ssze, hajnalokig dolgoztam, k\u00f6zben a lelkem romokban volt. Sokat seg\u00edtett, hogy ki\u00edrhattam magamb\u00f3l mindazt, ami bennem volt. Azt\u00e1n az oldal n\u00e9h\u00e1ny h\u00f3napja megsz\u0171nt, minden bejegyz\u00e9sem odaveszett. \u00cdgy j\u00f6tt az \u00fajabb blog \u00f6tlete, de ezt sajnos m\u00e9g kevesen ismerik.<\/em><\/p>\r\n<p style=\"text-align: justify\"><strong><em>Mi\u00e9rt pont a blogol\u00e1st v\u00e1lasztottad?<\/em><\/strong><\/p>\r\n<p style=\"text-align: justify\"><em>Kb. 10 \u00e9ves koromban kezdtem el napl\u00f3t vezetni, nagyj\u00e1b\u00f3l a gimi k\u00f6zep\u00e9ig. Minden kis titkomat, \u00e9rz\u00e9semet ezekbe a f\u00fczetekbe \u00edrtam le. De mivel \u00edgy nem kaptam semmif\u00e9le visszacsatol\u00e1st a k\u00f6rnyezett\u0151l (kiv\u00e9ve a sz\u00fcleimet, ha \u00e9ppen \u0151k r\u00e1bukkantak), ez\u00e9rt az online, \u00e1ln\u00e9ven val\u00f3 blogol\u00e1s nagyon izgalmasnak t\u0171nt.<\/em><\/p>\r\n<p style=\"text-align: justify\"><strong><em>Egy amolyan se veled, se n\u00e9lk\u00fcled kapcsolatr\u00f3l sokat olvashatunk, ami a v\u00e9g\u00e9n beteljesedett. Visszatekintve mit gondolsz err\u0151l az eg\u00e9szr\u0151l? Van olyan, amit m\u00e1sk\u00e9pp csin\u00e1ln\u00e1l?<\/em><\/strong><\/p>\r\n<p style=\"text-align: justify\"><em>Visszagondolva tal\u00e1n t\u00faldramatiz\u00e1ltam ezt a bizonyos \u201cse veled, se n\u00e9lk\u00fcled\u201d kapcsolatot. Kicsit laz\u00e1bbnak kellett volna lennem, \u00e9s amikor \u00e9pp a \u201cn\u00e9lk\u00fcled\u201d \u00e1llapotban voltam, akkor nem otthon kellett volna sir\u00e1nkoznom. De \u00e9n az a t\u00edpus vagyok, akinek a f\u00e1jdalm\u00e1t ki kell \u00edrnia, m\u00e1sk\u00fcl\u00f6nben \u201cmegfullad\u201d.<\/em><\/p>\r\n<p style=\"text-align: justify\"><strong><em>Most, hogy teljes\u00fclt a v\u00e1gyad \u00e9s r\u00e1d tal\u00e1lt a nagy szerelem, milyen ir\u00e1nyban fogod tov\u00e1bbvezetni a blogodat?<\/em><\/strong><\/p>\r\n<p style=\"text-align: justify\"><em>Most, hogy ez a szerelem \u00fagymond beteljesedett, r\u00e1 kellett j\u00f6nn\u00f6m, hogy musz\u00e1j ir\u00e1nyt v\u00e1ltanom a blogol\u00e1sban. A habos-m\u00e1zas bejegyz\u00e9sek szerintem nem \u00e9rdekesek, szenved\u00e9sr\u0151l pedig nem igaz\u00e1n tudok \u00edrni, hiszen ennyire az\u00e9rt nem vagyok dr\u00e1mai t\u00edpus.\u00a0<\/em><\/p>\r\n<p style=\"text-align: justify\"><strong><em>Vannak \u00edr\u00e1ssal kapcsolatos terveid a j\u00f6v\u0151re n\u00e9zve?<\/em><\/strong><\/p>\r\n<p style=\"text-align: justify\"><em>R\u00e9gi nagy v\u00e1gyam egy reg\u00e9ny meg\u00edr\u00e1sa. M\u00e1r nagyj\u00e1b\u00f3l tudom is a sztorit, \u00e9s mondanom sem kell, a m\u00faltam sokat fog seg\u00edteni abban, hogy hiteles, \u00e9s \u00e9rdekes legyen a t\u00f6rt\u00e9nete. Az egyetem elv\u00e9gz\u00e9se ut\u00e1n pedig mindenk\u00e9pp az \u00edr\u00e1s fel\u00e9 szeretn\u00e9k tend\u00e1l\u00f3dni, de ez jelenleg m\u00e9g el\u00e9g hom\u00e1lyos a sz\u00e1momra.<\/em><\/p>\r\n<p style=\"text-align: justify\"><strong><em>Mit adott neked az \u00edr\u00e1s?<\/em><\/strong><\/p>\r\n<p style=\"text-align: justify\"><em>Az \u00edr\u00e1s az \u00e9letem szerves r\u00e9sze. Nem tudom elk\u00e9pzelni n\u00e9lk\u00fcle a mindennapjaimat. Verb\u00e1lisan mindig is jobban tudtam magam kifejezni; a csal\u00e1dom, a bar\u00e1taim tudn\u00e1nak err\u0151l tal\u00e1n a legt\u00f6bbet besz\u00e9lni, \u00e9s biztosan tudn\u00e1nak mutatni egy-egy levelet is :) Annak is \u00f6r\u00fcl\u00f6k, hogy tizen\u00e9vesen a napl\u00f3vezet\u00e9st v\u00e1lasztottam, mert \u0151szint\u00e9n sz\u00f3lva, alig v\u00e1rom m\u00e1r, hogy megmutathassam majd a leend\u0151 gyermekeimnek, milyen is voltam \u00e9n! :)<\/em><\/p>\r\n<p style=\"text-align: justify\">Emellett elk\u00e9peszt\u0151 \u0151szintes\u00e9ggel \u00e9s kem\u00e9nyen kimondja azt, amit tal\u00e1n mi soha nem mern\u00e9nk bevallani magunknak. Szem\u00e9lyes kedvencem a k\u00f6vetkez\u0151 id\u00e9zet:<\/p>\r\n<p style=\"text-align: justify\"><em>\u201eDe mi n\u0151k, m\u00e1r csak ilyen c\u00edmeres idi\u00f3t\u00e1k vagyunk. Kell nek\u00fcnk a dr\u00e1ma, a s\u00edr\u00e1s, a rinya, a sajn\u00e1ltat\u00e1s, a d\u00fch, a megal\u00e1z\u00e1s. Bel\u00e9nk van k\u00f3dolva a mazochista hajlam, szeret\u00fcnk szenvedni, m\u00e1sk\u00fcl\u00f6nben nem \u00e9rezn\u00e9nk, hogy \u00e9l\u00fcnk. Hogy t\u00f6rt\u00e9nik valami. Hogy is mondj\u00e1k? Mi\u00e9rt csapkodom magam ostorral? Mert olyan eszm\u00e9letlen j\u00f3, mikor abbahagyom!\u201d\u00a0<\/em><\/p>\r\n<p style=\"text-align: justify\">Beatrix az \u00e9rz\u00e9seken, lelki v\u00e1ls\u00e1gokon, \u00f6nmarcangol\u00e1son, bizonytalans\u00e1gon, boldogs\u00e1gon \u00e9s az \u00e1lmok megval\u00f3s\u00edt\u00e1s\u00e1n k\u00edv\u00fcl\u00a0azt is \u00e9rdekess\u00e9 tudja tenni, hogy hogyan m\u00e9l\u00e1zik a f\u00fcrd\u0151k\u00e1dban \u00e9s, hogy az utols\u00f3 pillanatig halogatja a dolgokat. \u0150 is olyan, mint mi. Mindig rem\u00e9l, \u00e9s b\u00edzik abban, hogy az \u00e1lmai val\u00f3ra v\u00e1lnak.<\/p>\r\n<p style=\"text-align: justify\">K\u00f6sz\u00f6nj\u00fck a v\u00e1laszokat Beatrixnak!<\/p>","type":"rich"}